{"id":9,"date":"2019-10-01T13:27:00","date_gmt":"2019-10-01T11:27:00","guid":{"rendered":"http:\/\/charpentelaubertine.fr\/?page_id=9"},"modified":"2023-01-02T14:12:17","modified_gmt":"2023-01-02T13:12:17","slug":"presentation","status":"publish","type":"page","link":"https:\/\/charpentelaubertine.fr\/?page_id=9","title":{"rendered":"Pr\u00e9sentation"},"content":{"rendered":"\n<h2 id=\"ancre-pr\">du g\u00e9rant <\/h2>\n\n\n\n<figure class=\"wp-block-image\"><img decoding=\"async\" loading=\"lazy\" width=\"1024\" height=\"169\" src=\"https:\/\/charpentelaubertine.fr\/wp-content\/uploads\/2019\/10\/haut-de-page-1-1024x169.jpg\" alt=\"coucher de soleil\" class=\"wp-image-801\" srcset=\"https:\/\/charpentelaubertine.fr\/wp-content\/uploads\/2019\/10\/haut-de-page-1-1024x169.jpg 1024w, https:\/\/charpentelaubertine.fr\/wp-content\/uploads\/2019\/10\/haut-de-page-1-300x50.jpg 300w, https:\/\/charpentelaubertine.fr\/wp-content\/uploads\/2019\/10\/haut-de-page-1-768x127.jpg 768w, https:\/\/charpentelaubertine.fr\/wp-content\/uploads\/2019\/10\/haut-de-page-1-750x124.jpg 750w, https:\/\/charpentelaubertine.fr\/wp-content\/uploads\/2019\/10\/haut-de-page-1-400x66.jpg 400w, https:\/\/charpentelaubertine.fr\/wp-content\/uploads\/2019\/10\/haut-de-page-1-430x71.jpg 430w, https:\/\/charpentelaubertine.fr\/wp-content\/uploads\/2019\/10\/haut-de-page-1-150x25.jpg 150w, https:\/\/charpentelaubertine.fr\/wp-content\/uploads\/2019\/10\/haut-de-page-1-100x17.jpg 100w, https:\/\/charpentelaubertine.fr\/wp-content\/uploads\/2019\/10\/haut-de-page-1.jpg 1600w\" sizes=\"(max-width: 1024px) 100vw, 1024px\" \/><\/figure>\n\n\n\n<h4>Parcours<\/h4>\n\n\n\n<div class=\"is-layout-flex wp-container-3 wp-block-columns has-2-columns\">\n<div class=\"is-layout-flow wp-block-column\">\n<ul><li>J\u00e9r\u00f4me Sabin, n\u00e9 en 1987<\/li><li>Bac g\u00e9n\u00e9ral scientifique<\/li><li><strong>C.A.P. <\/strong>\u00ab&nbsp;construction bois&nbsp;\u00bb en alternance<\/li><li><strong>B.T.S <\/strong>\u00ab&nbsp;Syst\u00e8me Constructif Bois et Habitat&nbsp;\u00bb  en alternance<\/li><li><strong>Licence Professionnelle <\/strong>\u00ab&nbsp;Bois construction&nbsp;\u00bb  en alternance <\/li><li><strong>Formation Pro-Paille<\/strong><\/li><li>2019 : Cr\u00e9ation de EURL <strong>CHARPENTE LAUBERTINE<\/strong><\/li><\/ul>\n\n\n\n<h4>Exp\u00e9rience<\/h4>\n\n\n\n<ul><li>Plus de <strong>15 ann\u00e9es d\u2019exp\u00e9rience<\/strong> partag\u00e9e entre <strong>bureau d\u2019\u00e9tude<\/strong>, <strong>atelier<\/strong> et <strong>chantier<\/strong> dans 5 entreprises du grand Ouest<\/li><li>R\u00e9alisation de maisons<strong> paille<\/strong> enduit <strong>terre crue<\/strong><\/li><\/ul>\n<\/div>\n\n\n\n<div class=\"is-layout-flow wp-block-column\">\n<figure class=\"wp-block-image\"><img decoding=\"async\" loading=\"lazy\" width=\"225\" height=\"300\" src=\"https:\/\/charpentelaubertine.fr\/wp-content\/uploads\/2019\/10\/Maison-bois-et-paille-Laubri\u00e8res-1-225x300.jpg\" alt=\"J\u00e9r\u00f4me\" class=\"wp-image-408\" srcset=\"https:\/\/charpentelaubertine.fr\/wp-content\/uploads\/2019\/10\/Maison-bois-et-paille-Laubri\u00e8res-1-225x300.jpg 225w, https:\/\/charpentelaubertine.fr\/wp-content\/uploads\/2019\/10\/Maison-bois-et-paille-Laubri\u00e8res-1-400x533.jpg 400w, https:\/\/charpentelaubertine.fr\/wp-content\/uploads\/2019\/10\/Maison-bois-et-paille-Laubri\u00e8res-1-430x573.jpg 430w, https:\/\/charpentelaubertine.fr\/wp-content\/uploads\/2019\/10\/Maison-bois-et-paille-Laubri\u00e8res-1-150x200.jpg 150w, https:\/\/charpentelaubertine.fr\/wp-content\/uploads\/2019\/10\/Maison-bois-et-paille-Laubri\u00e8res-1-100x133.jpg 100w, https:\/\/charpentelaubertine.fr\/wp-content\/uploads\/2019\/10\/Maison-bois-et-paille-Laubri\u00e8res-1.jpg 600w\" sizes=\"(max-width: 225px) 100vw, 225px\" \/><\/figure>\n\n\n\n<p><\/p>\n<\/div>\n<\/div>\n\n\n\n<h2>Pr\u00e9sentation de l&rsquo;entreprise<\/h2>\n\n\n\n<div class=\"is-layout-flex wp-container-6 wp-block-columns has-2-columns\">\n<div class=\"is-layout-flow wp-block-column\">\n<ul><li>2 charpentiers<\/li><li>Recrute charpentier temps partiel ou temps plein<\/li><li>Recherche associ\u00e9s  <\/li><\/ul>\n\n\n\n<h4>Atelier<\/h4>\n\n\n\n<p>Atelier de charpente situ\u00e9<strong> \u00e0 La ROUAUDI\u00c8RE (53)<\/strong> \u00e9quip\u00e9 de&nbsp;:<\/p>\n\n\n\n<ul><li><strong>machines fixes<\/strong> (scie \u00e0 ruban, raboteuse, scie \u00e0 format)\u00a0;<\/li><li> <strong>un palan de 2T<\/strong> qui permet de faciliter la manutention et le d\u00e9placement des charges lourdes\u00a0; <\/li><li>camion-grue avec chauffeur par un prestataire<\/li><li> 2 Fourgons de chantier<\/li><li>1 chariot t\u00e9lescopic Merlot<\/li><li>1 chariot frontal Manitou<\/li><li>Mat\u00e9riel \u00e9lectro-portatif <\/li><\/ul>\n\n\n\n<h4>Informatique<\/h4>\n\n\n\n<ul><li> <strong>CADWORK 3D et 2D<\/strong> : Logiciel DAO (Dessin Assist\u00e9 par Ordinateur), mod\u00e9lisation 3D et plans de fabrication de structure bois<\/li><li><strong> MD BAT : <\/strong>Logiciel CAO (Calcul Assist\u00e9 par Ordinateur), calcul de section des bois, dimensionnement de charpente \u00e0 l\u2019Eurocode 5<\/li><li> <strong>ComptaCom<\/strong> : Logiciel de comptabilit\u00e9 , devis et factures <\/li><\/ul>\n\n\n\n<figure class=\"wp-block-image is-resized\"><img decoding=\"async\" loading=\"lazy\" src=\"https:\/\/charpentelaubertine.fr\/wp-content\/uploads\/2019\/10\/bureau-d\u00e9tude-bois-1.jpg\" alt=\"Logiciel de dessin cadwork\" class=\"wp-image-507\" width=\"400\" height=\"300\" srcset=\"https:\/\/charpentelaubertine.fr\/wp-content\/uploads\/2019\/10\/bureau-d\u00e9tude-bois-1.jpg 800w, https:\/\/charpentelaubertine.fr\/wp-content\/uploads\/2019\/10\/bureau-d\u00e9tude-bois-1-300x225.jpg 300w, https:\/\/charpentelaubertine.fr\/wp-content\/uploads\/2019\/10\/bureau-d\u00e9tude-bois-1-768x576.jpg 768w, https:\/\/charpentelaubertine.fr\/wp-content\/uploads\/2019\/10\/bureau-d\u00e9tude-bois-1-750x563.jpg 750w, https:\/\/charpentelaubertine.fr\/wp-content\/uploads\/2019\/10\/bureau-d\u00e9tude-bois-1-400x300.jpg 400w, https:\/\/charpentelaubertine.fr\/wp-content\/uploads\/2019\/10\/bureau-d\u00e9tude-bois-1-430x323.jpg 430w, https:\/\/charpentelaubertine.fr\/wp-content\/uploads\/2019\/10\/bureau-d\u00e9tude-bois-1-150x113.jpg 150w, https:\/\/charpentelaubertine.fr\/wp-content\/uploads\/2019\/10\/bureau-d\u00e9tude-bois-1-100x75.jpg 100w\" sizes=\"(max-width: 400px) 100vw, 400px\" \/><figcaption>Bureau d&rsquo;\u00e9tude<\/figcaption><\/figure>\n<\/div>\n\n\n\n<div class=\"is-layout-flow wp-block-column\">\n<figure class=\"wp-block-image\"><img decoding=\"async\" loading=\"lazy\" width=\"400\" height=\"300\" src=\"https:\/\/charpentelaubertine.fr\/wp-content\/uploads\/2021\/06\/400xP6180796.jpg\" alt=\"Grand atelier\" class=\"wp-image-938\" srcset=\"https:\/\/charpentelaubertine.fr\/wp-content\/uploads\/2021\/06\/400xP6180796.jpg 400w, https:\/\/charpentelaubertine.fr\/wp-content\/uploads\/2021\/06\/400xP6180796-300x225.jpg 300w, https:\/\/charpentelaubertine.fr\/wp-content\/uploads\/2021\/06\/400xP6180796-150x113.jpg 150w, https:\/\/charpentelaubertine.fr\/wp-content\/uploads\/2021\/06\/400xP6180796-100x75.jpg 100w\" sizes=\"(max-width: 400px) 100vw, 400px\" \/><figcaption>Atelier principal<\/figcaption><\/figure>\n\n\n\n<p> <\/p>\n\n\n\n<p><\/p>\n\n\n\n<p><\/p>\n\n\n\n<figure class=\"wp-block-image\"><img decoding=\"async\" loading=\"lazy\" width=\"400\" height=\"300\" src=\"https:\/\/charpentelaubertine.fr\/wp-content\/uploads\/2021\/06\/400xP6180795.jpg\" alt=\"Petit atelier\" class=\"wp-image-937\" srcset=\"https:\/\/charpentelaubertine.fr\/wp-content\/uploads\/2021\/06\/400xP6180795.jpg 400w, https:\/\/charpentelaubertine.fr\/wp-content\/uploads\/2021\/06\/400xP6180795-300x225.jpg 300w, https:\/\/charpentelaubertine.fr\/wp-content\/uploads\/2021\/06\/400xP6180795-150x113.jpg 150w, https:\/\/charpentelaubertine.fr\/wp-content\/uploads\/2021\/06\/400xP6180795-100x75.jpg 100w\" sizes=\"(max-width: 400px) 100vw, 400px\" \/><figcaption>Atelier secondaire<\/figcaption><\/figure>\n<\/div>\n<\/div>\n\n\n\n<div class=\"wp-block-image\"><figure class=\"aligncenter is-resized\"><a href=\"https:\/\/charpentelaubertine.fr\/?page_id=9#ancre-pr\"><img decoding=\"async\" loading=\"lazy\" src=\"https:\/\/charpentelaubertine.fr\/wp-content\/uploads\/2019\/10\/app-1646212_640-150x150.png\" alt=\"haut de page\" class=\"wp-image-789\" width=\"50\" height=\"50\" srcset=\"https:\/\/charpentelaubertine.fr\/wp-content\/uploads\/2019\/10\/app-1646212_640-150x150.png 150w, https:\/\/charpentelaubertine.fr\/wp-content\/uploads\/2019\/10\/app-1646212_640-300x300.png 300w, https:\/\/charpentelaubertine.fr\/wp-content\/uploads\/2019\/10\/app-1646212_640-400x400.png 400w, https:\/\/charpentelaubertine.fr\/wp-content\/uploads\/2019\/10\/app-1646212_640-430x430.png 430w, https:\/\/charpentelaubertine.fr\/wp-content\/uploads\/2019\/10\/app-1646212_640-100x100.png 100w, https:\/\/charpentelaubertine.fr\/wp-content\/uploads\/2019\/10\/app-1646212_640.png 640w\" sizes=\"(max-width: 50px) 100vw, 50px\" \/><\/a><\/figure><\/div>\n\n\n\n<div class=\"wp-block-image\"><figure class=\"aligncenter is-resized\"><a href=\"https:\/\/charpentelaubertine.fr\/?page_id=26\"><img decoding=\"async\" loading=\"lazy\" src=\"https:\/\/charpentelaubertine.fr\/wp-content\/uploads\/2021\/06\/contact-us-1908763_640.png\" alt=\"nous contacter\" class=\"wp-image-1009\" width=\"160\" height=\"46\" srcset=\"https:\/\/charpentelaubertine.fr\/wp-content\/uploads\/2021\/06\/contact-us-1908763_640.png 640w, https:\/\/charpentelaubertine.fr\/wp-content\/uploads\/2021\/06\/contact-us-1908763_640-300x86.png 300w, https:\/\/charpentelaubertine.fr\/wp-content\/uploads\/2021\/06\/contact-us-1908763_640-400x114.png 400w, https:\/\/charpentelaubertine.fr\/wp-content\/uploads\/2021\/06\/contact-us-1908763_640-430x123.png 430w, https:\/\/charpentelaubertine.fr\/wp-content\/uploads\/2021\/06\/contact-us-1908763_640-150x43.png 150w, https:\/\/charpentelaubertine.fr\/wp-content\/uploads\/2021\/06\/contact-us-1908763_640-100x29.png 100w\" sizes=\"(max-width: 160px) 100vw, 160px\" \/><\/a><\/figure><\/div>\n","protected":false},"excerpt":{"rendered":"<p>du g\u00e9rant Parcours J\u00e9r\u00f4me Sabin, n\u00e9 en 1987 Bac g\u00e9n\u00e9ral scientifique C.A.P. \u00ab&nbsp;construction bois&nbsp;\u00bb en alternance B.T.S \u00ab&nbsp;Syst\u00e8me Constructif Bois [&hellip;]<\/p>\n","protected":false},"author":1,"featured_media":0,"parent":0,"menu_order":0,"comment_status":"closed","ping_status":"closed","template":"page_fullwidth.php","meta":{"ngg_post_thumbnail":0},"_links":{"self":[{"href":"https:\/\/charpentelaubertine.fr\/index.php?rest_route=\/wp\/v2\/pages\/9"}],"collection":[{"href":"https:\/\/charpentelaubertine.fr\/index.php?rest_route=\/wp\/v2\/pages"}],"about":[{"href":"https:\/\/charpentelaubertine.fr\/index.php?rest_route=\/wp\/v2\/types\/page"}],"author":[{"embeddable":true,"href":"https:\/\/charpentelaubertine.fr\/index.php?rest_route=\/wp\/v2\/users\/1"}],"replies":[{"embeddable":true,"href":"https:\/\/charpentelaubertine.fr\/index.php?rest_route=%2Fwp%2Fv2%2Fcomments&post=9"}],"version-history":[{"count":45,"href":"https:\/\/charpentelaubertine.fr\/index.php?rest_route=\/wp\/v2\/pages\/9\/revisions"}],"predecessor-version":[{"id":1053,"href":"https:\/\/charpentelaubertine.fr\/index.php?rest_route=\/wp\/v2\/pages\/9\/revisions\/1053"}],"wp:attachment":[{"href":"https:\/\/charpentelaubertine.fr\/index.php?rest_route=%2Fwp%2Fv2%2Fmedia&parent=9"}],"curies":[{"name":"wp","href":"https:\/\/api.w.org\/{rel}","templated":true}]}}